{"id":43,"date":"2020-04-05T12:22:11","date_gmt":"2020-04-05T12:22:11","guid":{"rendered":"https:\/\/ganz-neue-wege.de\/?page_id=43"},"modified":"2024-08-14T15:21:05","modified_gmt":"2024-08-14T13:21:05","slug":"seminare","status":"publish","type":"page","link":"https:\/\/ganz-neue-wege.de\/?page_id=43","title":{"rendered":"Seminare"},"content":{"rendered":"\n<p>ACHTUNG: Wenn Sie sich mit dem Anmelde-Link nicht sofort anmelden k\u00f6nnen, kopieren Sie bitte den Link in Ihren Browser. <\/p>\n\n\n\n<p><br><strong>Seminarangebot 1:<\/strong><br><strong>Praxisanleitung in der Kita<\/strong><br><strong>Zielgruppe: <\/strong><br>ErzieherInnen und p\u00e4dagogische Fachkr\u00e4fte in Kindertageseinrichtungen<br><strong>Seminarbeschreibung:<\/strong><br>An sechs Modultagen jeweils einmal im Monat werden p\u00e4dagogische Fachkr\u00e4fte mit dem notwendigen Know-How ausgestattet, um souver\u00e4n PraktikantenInnen in der Ausbildung zum\/zur ErzieherIn zu begleiten.<br><strong>Kursstart: Dienstag, 04. September 2024 von 9.00 Uhr bis 16.00 Uhr<\/strong><br><strong>Ort: Kath. Bildungsforum D\u00fcren, Holzstra\u00dfe 50<\/strong><br><strong>Anmeldung:<\/strong> <a href=\"https:\/\/www.bildungsforum-dueren.de\/fuer-beruf-und-ehrenamt\/kw\/bereich\/kursdetails\/kurs\/24-R90002\/kursname\/Praxisanleiter\/kategorie-id\/30\/\">https:\/\/www.bildungsforum-dueren.de\/fuer-beruf-und-ehrenamt\/kw\/bereich\/kursdetails\/kurs\/24-R90002\/kursname\/Praxisanleiter\/kategorie-id\/30\/<\/a><\/p>\n\n\n\n<p class=\"has-normal-font-size\"><strong><mark style=\"background-color:rgba(0, 0, 0, 0)\" class=\"has-inline-color has-vivid-red-color\">Seminarangebot 2:<\/mark><\/strong><br><strong>Auffrischung Praxisanleitung in der Kita<\/strong><br><strong>Zielgruppe: <\/strong><br>ErzieherInnen und p\u00e4dagogische Fachkr\u00e4fte, die bereits einen Kurs zur Praxisanleitung absolviert haben und ihr Wissen auffrischen m\u00f6chten.<br><strong>Kursstart: Dienstag, 17. September 2024 von 13.00 Uhr bis 16.00 Uhr<\/strong><br><strong>Ort: Kath. Bildungsforum D\u00fcren, Holzstra\u00dfe 50<\/strong><br><strong>Anmeldung: <\/strong><a href=\"https:\/\/www.bildungsforum-dueren.de\/fuer-beruf-und-ehrenamt\/kw\/bereich\/kursdetails\/kurs\/24-R90022\/kursname\/Auffrischung%20Praxisanleitung%20fuer%20Erzieherinnen\/kategorie-id\/30\/\">https:\/\/www.bildungsforum-dueren.de\/fuer-beruf-und-ehrenamt\/kw\/bereich\/kursdetails\/kurs\/24-R90022\/kursname\/Auffrischung%20Praxisanleitung%20fuer%20Erzieherinnen\/kategorie-id\/30\/<\/a><\/p>\n\n\n\n<p class=\"has-normal-font-size\"><\/p>\n\n\n\n<p class=\"has-normal-font-size\"><strong>Seminarangebot 3:<\/strong><br><strong>Eltern\u00e4ngste erkennen und souver\u00e4n begleiten &#8211; <\/strong><br><strong>Zielgruppe:<\/strong><br>Dieses Seminar richtet sich an Kindertagespflegepersonen und ErzieherInnen<br><strong>Seminarbeschreibung:<\/strong><br>Sie fragen sich, mit welchen \u00c4ngsten Eltern heute k\u00e4mpfen? Sie fragen sich, warum Eltern sich manchmal merkw\u00fcrdig verhalten? Sie fragen sich, warum immer mehr Eltern eher Zeit in sozialen Medien verbringen als mit ihrem Kind? Sie m\u00f6chten wissen, woran das alles liegt? Sie m\u00f6chten Anregungen haben, wie mit diesen Eltern umgegangen werden kann? Dann sind Sie in diesem Kurs genau richtig!<br><strong>Termin: Donnerstag, 05. September 2024 von 18.00 Uhr bis 21.15 Uhr<br>Ort: Katholisches Bildungsforum Rhein-Erft, Anton-Heinen Haus Bergheim<br>Anmeldung<\/strong>: <a href=\"https:\/\/programm.bildungswerk-ev.de\/bildungsforum-rhein-erft\/webbasys\/index.php?kathaupt=1&amp;katid=519\">https:\/\/programm.bildungswerk-ev.de\/bildungsforum-rhein-erft\/webbasys\/index.php?kathaupt=1&amp;katid=519<\/a><\/p>\n\n\n\n<p class=\"has-vivid-cyan-blue-color has-text-color\" style=\"font-size:15px\"><strong><mark style=\"background-color:rgba(0, 0, 0, 0)\" class=\"has-inline-color has-vivid-cyan-blue-color\">Seminarangebot 4:<\/mark><\/strong><br><strong>Gospel, Pop und mehr &#8211; Come and sing Hallelujah<\/strong><br><strong>Zielgruppe: <\/strong><br>Alle, die einen Zugang zur eigenen Stimme und zum Singen erfahren m\u00f6chten<br><strong>Seminarbeschreibung:<\/strong><br>Nach einem Warm-up und ein paar Worten zur Entstehung von Gospel und Pop wollen wir bekannte und neue Songs in englischer und deutscher Sprache singen. Mit dabei sind der &#8222;Earthsong&#8220; von Michael Jackson und der Klassiker &#8222;Oh Happy Day&#8220; darf auch nicht fehlen! Freu dich auf nette Menschen und viel Spa\u00df am Singen!<br><strong>Termin:   Donnerstag, 12. September 2024  18.00 Uhr bis 21.00 Uhr<\/strong><br><strong>Ort: Katholisches Bildungsforum Rhein-Erft, Anton-Heinen-Haus Bergheim<\/strong><br><strong>Anmeldung<\/strong>: <a href=\"https:\/\/programm.bildungswerk-ev.de\/bildungsforum-rhein-erft\/webbasys\/\/index.php?kathaupt=6&amp;suchesetzen=true\">https:\/\/programm.bildungswerk-ev.de\/bildungsforum-rhein-erft\/webbasys\/\/index.php?kathaupt=6&amp;suchesetzen=true<\/a> <\/p>\n\n\n\n<p><\/p>\n\n\n\n<p class=\"has-vivid-purple-color has-text-color\" style=\"font-size:15px\"><mark style=\"background-color:rgba(0, 0, 0, 0)\" class=\"has-inline-color has-vivid-purple-color\"><strong>Seminarangebot  5:<br><\/strong><\/mark><strong>Praxisanleitung in der Kita <\/strong><br><strong>Zielgruppe:<\/strong><br>Dieses Seminar richtet sich an p\u00e4dagogische Fachkr\u00e4fte, die Praktikanten:innen in Ausbildung (PIA) auf ihrem Weg ins Berufsleben als Erzieher:innen oder Kinderpfleger:innen begleiten m\u00f6chten.<br><strong>Seminarbeschreibung:<\/strong><br>Das Lernfeld Praxis gewinnt im Kontext einer fundierten Ausbildung zur Erzieherin\/zum Erzieher zunehmend an Bedeutung. In den Kindertageseinrichtungen k\u00f6nnen k\u00fcnftige Fachkr\u00e4fte ihre F\u00e4higkeiten erproben und einsch\u00e4tzen lernen. Im Rahmen einer qualifizierten Ausbildung ist es notwendig, dass eine p\u00e4dagogische Fachkraft mit Berufserfahrung die Praktikantin\/den Praktikanten anleitet und begleitet.<br><strong>Termin: <\/strong>Mittwoch, 4. September 2024 von 9.00 Uhr bis 16.00 Uhr und f\u00fcnf weitere Termine<br><strong>Anmeldung:<\/strong> <a href=\"https:\/\/www.bildungsforum-dueren.de\/fuer-beruf-und-ehrenamt\/kw\/bereich\/kursdetails\/kurs\/24-R90002\/kursname\/Praxisanleiter\/kategorie-id\/30\/\">https:\/\/www.bildungsforum-dueren.de\/fuer-beruf-und-ehrenamt\/kw\/bereich\/kursdetails\/kurs\/24-R90002\/kursname\/Praxisanleiter\/kategorie-id\/30\/<\/a> <br><br><strong>Seminarangebot 6:<\/strong><br><strong>Auffrischung Praxianleitung<\/strong><br><strong>Zielgruppe: <\/strong><br>Dieses Seminar richtet sich an alle, die bereits ein Praxisanleitungsseminar absolviert haben und ihr Wissen nun auffrischen m\u00f6chten.<br><strong>Termin:<\/strong> Dienstag, 17. September 2024 von 13.00 Uhr bis 16.00 Uhr &#8211; zwei Termine.<br><strong>Anmeldung:  <\/strong><a href=\"https:\/\/www.bildungsforum-dueren.de\/fuer-beruf-und-ehrenamt\/kw\/bereich\/kursdetails\/kurs\/24-R90022\/kursname\/Auffrischung%20Praxisanleitung%20fuer%20Erzieherinnen\/kategorie-id\/30\/\">https:\/\/www.bildungsforum-dueren.de\/fuer-beruf-und-ehrenamt\/kw\/bereich\/kursdetails\/kurs\/24-R90022\/kursname\/Auffrischung%20Praxisanleitung%20fuer%20Erzieherinnen\/kategorie-id\/30\/<\/a> <br><br><br><strong>Seminarangebot 7:<\/strong><br><strong>Brummb\u00e4r oder Nachtigall &#8211; Richtiges Singen mit Kindern<\/strong><br>Zielgruppe: p\u00e4dagogische Fachkr\u00e4fte und Kindertagespflegepersonen<br><strong>Seminarbeschreibung:<\/strong><br>Sie m\u00f6chten gerne neue Spiel- und Bewegungslieder kennenlernen? Sie m\u00f6chten Musik als Instrument der Sprachf\u00f6rderung einsetzen? Sie m\u00f6chten ihre Stimme ein wenig trainieren? Dann sind Sie in diesem Seminar genau richtig. Mit viel Spa\u00df singen wir gemeinsam und setzen auch altersgerechte Orff-Instrumente ein.<br><strong>Termin: <\/strong>Montag, 23. September 2025 von 18.00 Uhr bis 21.00 Uhr<br><strong>Ort: <\/strong>Kath. Bildungsforum D\u00fcren, Holzstra\u00dfe 50<br><strong>Anmeldung: <\/strong><a href=\"https:\/\/www.bildungsforum-dueren.de\/fuer-beruf-und-ehrenamt\/kw\/bereich\/kursdetails\/kurs\/24-M95112\/kursname\/Brummbaer%20oder%20Nachtigall\/kategorie-id\/30\/\">https:\/\/www.bildungsforum-dueren.de\/fuer-beruf-und-ehrenamt\/kw\/bereich\/kursdetails\/kurs\/24-M95112\/kursname\/Brummbaer%20oder%20Nachtigall\/kategorie-id\/30\/<\/a> <br><br><br><strong>Seminarangebot 8:<\/strong><br><strong>Come and sing hallelujah<\/strong><br><strong>Zielgruppe: <\/strong>Alle, die gerne einen Zugang zum Singen von Gospel erfahren m\u00f6chten<br><strong>Seminarbeschreibung: <\/strong><br>Nach einem Warm-up und ein paar Worten zur Entstehung von Gospel und Pop wollen wir bekannte und neue Songs in englischer und deutscher Sprache singen. Mit dabei sind der &#8222;Earthsong&#8220; von Michael Jackson und der Klassiker &#8222;Oh Happy Day&#8220; darf auch nicht fehlen! Freu dich auf nette Menschen und viel Spa\u00df am Singen!<br><strong>Termin: <\/strong>Montag, 30. September 2025 von 16.00 Uhr bis 18.15 Uhr <br><strong>Ort<\/strong>:<strong> Kath. Familienbildungsst\u00e4tte Euskirchen<br>Anmeldung:<\/strong> <a href=\"https:\/\/programm.bildungswerk-ev.de\/fbs-euskirchen\/webbasys\/index.php?kathaupt=11&amp;knr=2468730003\">https:\/\/programm.bildungswerk-ev.de\/fbs-euskirchen\/webbasys\/index.php?kathaupt=11&amp;knr=2468730003<\/a><br><br><br><strong>Seminarangebot 10:<\/strong><br><strong>Vereinbarkeit von Familie und Beruf &#8211; Fauen im Spannungsfeld zwischen Job und Mutter<\/strong><br><strong>Zielgruppe:<\/strong> Frauen, die gerne \u00fcber dieses Spannungsfeld mit anderen Frauen nachdenken wollen<br><strong>Kursbeschreibung: <\/strong><br>Frauen m\u00f6chten und sollen arbeiten, sie sollen aber auch die Kinder betreuen und den Haushalt versorgen- und das alles in einem \u00e4u\u00dferst \u00fcberschaubaren Zeitfenster. Dies f\u00fchrt nicht selten zu einer gro\u00dfen Herausforderung, die Kraft kostet und Frauen immer h\u00e4ufiger in ein \u201eschlechtes Gewissen\u201c bringt. An diesem Themenabend wollen wir \u00fcber M\u00f6glichkeiten und Strategien nachdenken, wie gerade Frauen diese Herausforderung gut meistern k\u00f6nnen.<br><strong>Termin: <\/strong>Montag, 7. Oktober 2024 von 19.00 Uhr bis 21.15 Uhr<br><strong>Ort: <\/strong>Kath. Blidungsforum D\u00fcren, Holzstra\u00dfe 50<br><strong>Anmeldung: <\/strong><a href=\"https:\/\/www.bildungsforum-dueren.de\/programm\/wissenshungrige\/kw\/bereich\/kursdetails\/kurs\/24-S26052\/kursname\/Vereinbarkeit%20von%20Familie%20und%20Beruf\/kategorie-id\/41\/\">https:\/\/www.bildungsforum-dueren.de\/programm\/wissenshungrige\/kw\/bereich\/kursdetails\/kurs\/24-S26052\/kursname\/Vereinbarkeit%20von%20Familie%20und%20Beruf\/kategorie-id\/41\/<\/a><br><br><br><strong>Seminarangebot 11:<\/strong><br><strong>Come and sing Hallelujah<\/strong><br><strong>Zielgruppe: <\/strong>Alle, die gerne einen Zugang zum Singen von Gospel erfahren m\u00f6chten<br><strong>Seminarbeschreibung:<\/strong><br>Das Wort &#8222;gospel&#8220; ist die englische \u00dcbersetzung von &#8222;Evangelium&#8220;. Der Begriff kommt vermutlich durch die Zusammenziehung der englischen Begriffe &#8222;good spell&#8220;. W\u00f6rtlich ins Deutsche \u00fcbersetzt hei\u00dft dies &#8222;gute Nachricht&#8220;. Ein Gospelchor ist eine Form des Kirchenchores, der Lobpreis und Anbetungslieder singt.<br>Sie wollten immer schon mal Gospel singen, habe aber keine Zeit f\u00fcr eine regelm\u00e4\u00dfige Chorverpflchtung? Sie m\u00f6chten gerne einmal das Singen mit anderen Menschen versuchen? Dann sind Sie hier genau richtig.<br><strong>Ort: <\/strong>Bisch\u00f6fliche Akademie Aachen,Leonhardstra\u00dfe 16 &#8211; 19<br><strong>Termin: <\/strong>Dienstag, 8. Oktober 2024 von 18.00 Uhr bis 21.00 Uhr<br><strong>Anmeldung:<\/strong> <a href=\"https:\/\/bak-ac.de\/bilden-begegnen\/veranstaltungen\/veranstaltung\/Come-and-sing-Hallelujah-2024.10.08\/?instancedate=1728403200000\">https:\/\/bak-ac.de\/bilden-begegnen\/veranstaltungen\/veranstaltung\/Come-and-sing-Hallelujah-2024.10.08\/?instancedate=1728403200000<\/a> <\/p>\n\n\n\n<p class=\"has-vivid-purple-color has-text-color\" style=\"font-size:15px\"><strong><mark style=\"background-color:rgba(0, 0, 0, 0)\" class=\"has-inline-color has-vivid-purple-color\">Seminarangebot :<br><\/mark><\/strong><mark style=\"background-color:rgba(0, 0, 0, 0)\" class=\"has-inline-color has-vivid-purple-color\"><strong>Thementag <\/strong><\/mark>&#8222;Ist Vorschule noch n\u00f6tig?&#8220;<br><strong>Zielgruppe:<\/strong><br>Dieses Seminar richtet sich an Erzieher:innen und sonstige p\u00e4dagogische Fachkr\u00e4fte, die in der Vorschularbeit t\u00e4tig sind.<br><strong>Seminarbeschreibung: <\/strong><br>Sie m\u00f6chten wissen, welche schulischen, sozial-emotionalen und mentalen Voraussetzungen ein Kind genau f\u00fcr die 1. Klasse braucht? Sie m\u00f6chten richtig gutes Vorschulmaterial kennen lernen? Sie m\u00f6chten Tipps und Tricks erhalten, wie sie das Kind so gut unterst\u00fctzen k\u00f6nnen, dass es so richtig Lust auf Schule hat? Dann sind sie in diesem Seminar richtig! <\/p>\n\n\n\n<p><strong>Termin: <\/strong>wird noch bekannt gegeben<strong><br>Anmeldung<\/strong>: Katholisches Bildungsforum, Holzstr. 50, 52349 D\u00fcren<br>https:\/\/www.bildungsforum-dueren.de\/<\/p>\n\n\n\n<p><\/p>\n\n\n\n<p class=\"has-black-color has-text-color\"><strong>Seminarangebot <br>&#8222;Wie viel &#8222;nett&#8220; darf&#8217;s bitte sein?&#8220; &#8211; Leitungsfachkr\u00e4fte im Spannungsfeld zwischen Team und Eltern<\/strong><br>Zielgruppe: Dieses Seminar richtet sich an Leitungsfachkr\u00e4fte in Kitas, ihre Stellvertretungen und alle, die Kita-Leitung werden m\u00f6chten.<br>Seminarbeschreibung:<br>Erziehungspartnerschaften gestalten sich gerade f\u00fcr Leitungen zunehmend schwierig. Eltern fordern viel,<br>sind aber nicht immer bereit etwas zu geben. Nicht alle Eltern interessieren sich f\u00fcr das Wohl der Einrichtung. Sie erwarten eher eine &#8222;Dienstleistung&#8220; als ein warmherziges Miteinander. Gemeinsam wollen wir in diesem Seminar ausloten, welche Strategien Eltern &#8211; und damit auch das eigene Team &#8211; motivieren.<\/p>\n\n\n\n<p class=\"has-black-color has-text-color\"><strong>TERMIN: <\/strong>wird noch bekannt gegeben<br><strong>Ort: Praxis Ganz Neue Wege<\/strong><br><strong>Kosten: 35,00 Euro<\/strong><br><\/p>\n\n\n\n<p class=\"has-vivid-cyan-blue-color has-text-color\"><\/p>\n\n\n\n<p><\/p>\n\n\n\n<p><strong>Anmeldeformular<\/strong><\/p>\n\n\n\n<p> <div class=\"wpforms-container wpforms-container-full\" id=\"wpforms-235\"><form id=\"wpforms-form-235\" class=\"wpforms-validate wpforms-form\" data-formid=\"235\" method=\"post\" enctype=\"multipart\/form-data\" action=\"\/index.php?rest_route=%2Fwp%2Fv2%2Fpages%2F43\" data-token=\"c9c825d77f2cc4bd1346e742ab67c95a\" data-token-time=\"1777544406\"><noscript class=\"wpforms-error-noscript\">Bitte aktiviere JavaScript in deinem Browser, um dieses Formular fertigzustellen.<\/noscript><div class=\"wpforms-field-container\"><div id=\"wpforms-235-field_0-container\" class=\"wpforms-field wpforms-field-name\" data-field-id=\"0\"><label class=\"wpforms-field-label\">Name <span class=\"wpforms-required-label\">*<\/span><\/label><div class=\"wpforms-field-row wpforms-field-medium\"><div class=\"wpforms-field-row-block wpforms-first wpforms-one-half\"><input type=\"text\" id=\"wpforms-235-field_0\" class=\"wpforms-field-name-first wpforms-field-required\" name=\"wpforms[fields][0][first]\" required><label for=\"wpforms-235-field_0\" class=\"wpforms-field-sublabel after\">Vorname<\/label><\/div><div class=\"wpforms-field-row-block wpforms-one-half\"><input type=\"text\" id=\"wpforms-235-field_0-last\" class=\"wpforms-field-name-last wpforms-field-required\" name=\"wpforms[fields][0][last]\" required><label for=\"wpforms-235-field_0-last\" class=\"wpforms-field-sublabel after\">Nachname<\/label><\/div><\/div><\/div><div id=\"wpforms-235-field_5-container\" class=\"wpforms-field wpforms-field-text\" data-field-id=\"5\"><label class=\"wpforms-field-label\" for=\"wpforms-235-field_5\">Telefon: <span class=\"wpforms-required-label\">*<\/span><\/label><input type=\"text\" id=\"wpforms-235-field_5\" class=\"wpforms-field-medium wpforms-field-required\" name=\"wpforms[fields][5]\" required><\/div><div id=\"wpforms-235-field_1-container\" class=\"wpforms-field wpforms-field-email\" data-field-id=\"1\"><label class=\"wpforms-field-label\" for=\"wpforms-235-field_1\">E-Mail <span class=\"wpforms-required-label\">*<\/span><\/label><input type=\"email\" id=\"wpforms-235-field_1\" class=\"wpforms-field-medium wpforms-field-required\" name=\"wpforms[fields][1]\" spellcheck=\"false\" required><\/div><div id=\"wpforms-235-field_4-container\" class=\"wpforms-field wpforms-field-select wpforms-field-select-style-classic\" data-field-id=\"4\"><label class=\"wpforms-field-label\" for=\"wpforms-235-field_4\">Bitte w\u00e4hlen Sie das gew\u00fcnschte Seminar aus:<\/label><select id=\"wpforms-235-field_4\" class=\"wpforms-field-large\" name=\"wpforms[fields][4]\"><option value=\"24.10.2023 Wie viel &quot;nett&quot; darfs sein?\"  class=\"choice-7 depth-1\"  >24.10.2023 Wie viel \"nett\" darfs sein?<\/option><\/select><\/div><div id=\"wpforms-235-field_6-container\" class=\"wpforms-field wpforms-field-text\" data-field-id=\"6\"><label class=\"wpforms-field-label\" for=\"wpforms-235-field_6\">Bei Kursen f\u00fcr Einrichtungen\/Schulen bitte den Namen der Einrichtung angeben:<\/label><input type=\"text\" id=\"wpforms-235-field_6\" class=\"wpforms-field-large\" name=\"wpforms[fields][6]\" placeholder=\"Einrichtung\" ><\/div><div id=\"wpforms-235-field_7-container\" class=\"wpforms-field wpforms-field-textarea\" data-field-id=\"7\"><label class=\"wpforms-field-label\" for=\"wpforms-235-field_7\">Bei Kursen f\u00fcr Einrichtungen\/Schulen bitte die Rechnungsadresse \/ Tr\u00e4ger angeben:<\/label><textarea id=\"wpforms-235-field_7\" class=\"wpforms-field-medium\" name=\"wpforms[fields][7]\" ><\/textarea><div class=\"wpforms-field-description\">Rechnungsadresse<\/div><\/div><div id=\"wpforms-235-field_2-container\" class=\"wpforms-field wpforms-field-textarea\" data-field-id=\"2\"><label class=\"wpforms-field-label\" for=\"wpforms-235-field_2\">Kommentar oder Nachricht<\/label><textarea id=\"wpforms-235-field_2\" class=\"wpforms-field-medium\" name=\"wpforms[fields][2]\" ><\/textarea><\/div><\/div><!-- .wpforms-field-container --><div class=\"wpforms-field wpforms-field-hp\"><label for=\"wpforms-235-field-hp\" class=\"wpforms-field-label\">Email<\/label><input type=\"text\" name=\"wpforms[hp]\" id=\"wpforms-235-field-hp\" class=\"wpforms-field-medium\"><\/div><div class=\"wpforms-submit-container\" ><input type=\"hidden\" name=\"wpforms[id]\" value=\"235\"><input type=\"hidden\" name=\"page_title\" value=\"\"><input type=\"hidden\" name=\"page_url\" value=\"https:\/\/ganz-neue-wege.de\/index.php?rest_route=\/wp\/v2\/pages\/43\"><input type=\"hidden\" name=\"url_referer\" value=\"\"><button type=\"submit\" name=\"wpforms[submit]\" id=\"wpforms-submit-235\" class=\"wpforms-submit\" data-alt-text=\"Senden...\" data-submit-text=\"Absenden\" aria-live=\"assertive\" value=\"wpforms-submit\">Absenden<\/button><\/div><\/form><\/div>  <!-- .wpforms-container --><br><\/p>\n\n\n\n<p><\/p>\n\n\n\n<p><\/p>\n","protected":false},"excerpt":{"rendered":"<p>ACHTUNG: Wenn Sie sich mit dem Anmelde-Link nicht sofort anmelden k\u00f6nnen, kopieren Sie bitte den Link in Ihren Browser. Seminarangebot 1:Praxisanleitung in der KitaZielgruppe: ErzieherInnen und p\u00e4dagogische Fachkr\u00e4fte in KindertageseinrichtungenSeminarbeschreibung:An &hellip; <\/p>\n","protected":false},"author":1,"featured_media":0,"parent":0,"menu_order":0,"comment_status":"closed","ping_status":"closed","template":"","meta":{"footnotes":""},"class_list":["post-43","page","type-page","status-publish","hentry"],"_links":{"self":[{"href":"https:\/\/ganz-neue-wege.de\/index.php?rest_route=\/wp\/v2\/pages\/43","targetHints":{"allow":["GET"]}}],"collection":[{"href":"https:\/\/ganz-neue-wege.de\/index.php?rest_route=\/wp\/v2\/pages"}],"about":[{"href":"https:\/\/ganz-neue-wege.de\/index.php?rest_route=\/wp\/v2\/types\/page"}],"author":[{"embeddable":true,"href":"https:\/\/ganz-neue-wege.de\/index.php?rest_route=\/wp\/v2\/users\/1"}],"replies":[{"embeddable":true,"href":"https:\/\/ganz-neue-wege.de\/index.php?rest_route=%2Fwp%2Fv2%2Fcomments&post=43"}],"version-history":[{"count":31,"href":"https:\/\/ganz-neue-wege.de\/index.php?rest_route=\/wp\/v2\/pages\/43\/revisions"}],"predecessor-version":[{"id":352,"href":"https:\/\/ganz-neue-wege.de\/index.php?rest_route=\/wp\/v2\/pages\/43\/revisions\/352"}],"wp:attachment":[{"href":"https:\/\/ganz-neue-wege.de\/index.php?rest_route=%2Fwp%2Fv2%2Fmedia&parent=43"}],"curies":[{"name":"wp","href":"https:\/\/api.w.org\/{rel}","templated":true}]}}